{"id":47,"date":"2016-04-29T09:04:17","date_gmt":"2016-04-29T07:04:17","guid":{"rendered":"https:\/\/svg.it-seeker.org\/?page_id=47"},"modified":"2022-03-28T19:56:54","modified_gmt":"2022-03-28T17:56:54","slug":"die-vaeter-des-vereins","status":"publish","type":"page","link":"https:\/\/www.sv-gleidingen.de\/?page_id=47","title":{"rendered":"Die V\u00e4ter des Vereins"},"content":{"rendered":"<p class=\"leading-2\">Es waren diese 31 M\u00e4nner den unser heutiger Dank geh\u00f6rt, ohne ihren Einsatz und den Willen etwas Neues zu schaffen w\u00fcrde es unseren Verein nicht geben.<br \/>\nIhre Namen wurden aus der\u00a0originalen\u00a0Gr\u00fcndungsliste vom 1. August 1928 entnommen.<\/p>\n<p class=\"leading-2\">\n<table id=\"tablepress-3\" class=\"tablepress tablepress-id-3\">\n<tbody class=\"row-striping\">\n<tr class=\"row-1\">\n\t<td class=\"column-1\">Karl Albrecht<\/td><td class=\"column-2\">August B\u00e4hre<\/td>\n<\/tr>\n<tr class=\"row-2\">\n\t<td class=\"column-1\">August Bergmann<\/td><td class=\"column-2\">Seppel Bernkopf<\/td>\n<\/tr>\n<tr class=\"row-3\">\n\t<td class=\"column-1\">Bernd Bruska<\/td><td class=\"column-2\">August Bunnenberg jun.<\/td>\n<\/tr>\n<tr class=\"row-4\">\n\t<td class=\"column-1\">Walter Bunnenberg<\/td><td class=\"column-2\">Karl Dier\u00dfen<\/td>\n<\/tr>\n<tr class=\"row-5\">\n\t<td class=\"column-1\">Ernst Engelhard<\/td><td class=\"column-2\">Heinrich G\u00fcnther<\/td>\n<\/tr>\n<tr class=\"row-6\">\n\t<td class=\"column-1\">Karl H\u00fclzmann<\/td><td class=\"column-2\">Fritz Kirchhof<\/td>\n<\/tr>\n<tr class=\"row-7\">\n\t<td class=\"column-1\">Erich Kuhrmeyer<\/td><td class=\"column-2\">Heinrich Kuhrmeyer<\/td>\n<\/tr>\n<tr class=\"row-8\">\n\t<td class=\"column-1\">Otto Kuhrmeyer<\/td><td class=\"column-2\">Heinrich Lambrecht<\/td>\n<\/tr>\n<tr class=\"row-9\">\n\t<td class=\"column-1\">Henry Lambrecht<\/td><td class=\"column-2\">Paul Lauenstein<\/td>\n<\/tr>\n<tr class=\"row-10\">\n\t<td class=\"column-1\">Adolf Malecha<\/td><td class=\"column-2\">Karl Matthies<\/td>\n<\/tr>\n<tr class=\"row-11\">\n\t<td class=\"column-1\">Ernst M\u00fcnsterman<\/td><td class=\"column-2\">Gustav Nacke<\/td>\n<\/tr>\n<tr class=\"row-12\">\n\t<td class=\"column-1\">Heinrich Ohms<\/td><td class=\"column-2\">Herbert Ostermeyer<\/td>\n<\/tr>\n<tr class=\"row-13\">\n\t<td class=\"column-1\">August Quindel sen.<\/td><td class=\"column-2\">Ernst Saatze<\/td>\n<\/tr>\n<tr class=\"row-14\">\n\t<td class=\"column-1\">Louis Schwedhelm<\/td><td class=\"column-2\">Werner Seelberger<\/td>\n<\/tr>\n<tr class=\"row-15\">\n\t<td class=\"column-1\">Hermann Siebert<\/td><td class=\"column-2\">Heinrich Wei\u00df<\/td>\n<\/tr>\n<tr class=\"row-16\">\n\t<td class=\"column-1\">Heinrich Wolters<\/td><td class=\"column-2\"><\/td>\n<\/tr>\n<\/tbody>\n<\/table>\n<!-- #tablepress-3 from cache --><\/p>\n<p class=\"leading-2\">\n<div id=\"attachment_227\" style=\"width: 638px\" class=\"wp-caption aligncenter\"><img loading=\"lazy\" decoding=\"async\" aria-describedby=\"caption-attachment-227\" class=\"wp-image-227 size-large\" src=\"https:\/\/www.sv-gleidingen.de\/wp-content\/uploads\/2016\/04\/gruender-1024x648.jpg\" alt=\"gruender\" width=\"628\" height=\"397\" srcset=\"https:\/\/www.sv-gleidingen.de\/wp-content\/uploads\/2016\/04\/gruender-1024x648.jpg 1024w, https:\/\/www.sv-gleidingen.de\/wp-content\/uploads\/2016\/04\/gruender-300x190.jpg 300w, https:\/\/www.sv-gleidingen.de\/wp-content\/uploads\/2016\/04\/gruender-768x486.jpg 768w, https:\/\/www.sv-gleidingen.de\/wp-content\/uploads\/2016\/04\/gruender-956x605.jpg 956w, https:\/\/www.sv-gleidingen.de\/wp-content\/uploads\/2016\/04\/gruender.jpg 1603w\" sizes=\"auto, (max-width: 628px) 100vw, 628px\" \/><p id=\"caption-attachment-227\" class=\"wp-caption-text\">Der Gr\u00fcndungsvorstand anno 1928<\/p><\/div>\n","protected":false},"excerpt":{"rendered":"<p>Es waren diese 31 M\u00e4nner den unser heutiger Dank geh\u00f6rt, ohne ihren Einsatz und den Willen etwas Neues zu schaffen w\u00fcrde es unseren Verein nicht geben. Ihre Namen wurden aus der\u00a0originalen\u00a0Gr\u00fcndungsliste vom 1. August 1928 entnommen.<\/p>\n","protected":false},"author":1,"featured_media":0,"parent":25,"menu_order":1,"comment_status":"closed","ping_status":"closed","template":"","meta":{"footnotes":""},"class_list":["post-47","page","type-page","status-publish","hentry"],"_links":{"self":[{"href":"https:\/\/www.sv-gleidingen.de\/index.php?rest_route=\/wp\/v2\/pages\/47","targetHints":{"allow":["GET"]}}],"collection":[{"href":"https:\/\/www.sv-gleidingen.de\/index.php?rest_route=\/wp\/v2\/pages"}],"about":[{"href":"https:\/\/www.sv-gleidingen.de\/index.php?rest_route=\/wp\/v2\/types\/page"}],"author":[{"embeddable":true,"href":"https:\/\/www.sv-gleidingen.de\/index.php?rest_route=\/wp\/v2\/users\/1"}],"replies":[{"embeddable":true,"href":"https:\/\/www.sv-gleidingen.de\/index.php?rest_route=%2Fwp%2Fv2%2Fcomments&post=47"}],"version-history":[{"count":4,"href":"https:\/\/www.sv-gleidingen.de\/index.php?rest_route=\/wp\/v2\/pages\/47\/revisions"}],"predecessor-version":[{"id":236,"href":"https:\/\/www.sv-gleidingen.de\/index.php?rest_route=\/wp\/v2\/pages\/47\/revisions\/236"}],"up":[{"embeddable":true,"href":"https:\/\/www.sv-gleidingen.de\/index.php?rest_route=\/wp\/v2\/pages\/25"}],"wp:attachment":[{"href":"https:\/\/www.sv-gleidingen.de\/index.php?rest_route=%2Fwp%2Fv2%2Fmedia&parent=47"}],"curies":[{"name":"wp","href":"https:\/\/api.w.org\/{rel}","templated":true}]}}